{"id":3046,"date":"2020-05-20T10:59:18","date_gmt":"2020-05-20T10:59:18","guid":{"rendered":"http:\/\/zirkel.biz\/?page_id=3046"},"modified":"2024-05-29T16:43:49","modified_gmt":"2024-05-29T16:43:49","slug":"business-cases","status":"publish","type":"page","link":"https:\/\/zirkel.biz\/fr\/business-cases\/","title":{"rendered":"Cas d'entreprise"},"content":{"rendered":"<div data-elementor-type=\"wp-page\" data-elementor-id=\"3046\" class=\"elementor elementor-3046\">\n\t\t\t\t\t\t<section class=\"elementor-section elementor-top-section elementor-element elementor-element-cc08925 elementor-section-boxed elementor-section-height-default elementor-section-height-default sc_fly_static\" data-id=\"cc08925\" data-element_type=\"section\" data-e-type=\"section\">\n\t\t\t\t\t\t<div class=\"elementor-container elementor-column-gap-extended\">\n\t\t\t\t\t<div class=\"elementor-column elementor-col-100 elementor-top-column elementor-element elementor-element-2751264 sc_inner_width_none sc_content_align_inherit sc_layouts_column_icons_position_left sc_fly_static\" data-id=\"2751264\" data-element_type=\"column\" data-e-type=\"column\">\n\t\t\t<div class=\"elementor-widget-wrap elementor-element-populated\">\n\t\t\t\t\t\t<div class=\"elementor-element elementor-element-2f69e58 sc_height_huge sc_fly_static elementor-widget elementor-widget-spacer\" data-id=\"2f69e58\" data-element_type=\"widget\" data-e-type=\"widget\" data-widget_type=\"spacer.default\">\n\t\t\t\t<div class=\"elementor-widget-container\">\n\t\t\t\t\t\t\t<div class=\"elementor-spacer\">\n\t\t\t<div class=\"elementor-spacer-inner\"><\/div>\n\t\t<\/div>\n\t\t\t\t\t\t<\/div>\n\t\t\t\t<\/div>\n\t\t\t\t\t<\/div>\n\t\t<\/div>\n\t\t\t\t\t<\/div>\n\t\t<\/section>\n\t\t\t\t<section class=\"elementor-section elementor-top-section elementor-element elementor-element-df68d09 elementor-section-full_width elementor-section-height-default elementor-section-height-default sc_fly_static\" data-id=\"df68d09\" data-element_type=\"section\" data-e-type=\"section\">\n\t\t\t\t\t\t<div class=\"elementor-container elementor-column-gap-extended\">\n\t\t\t\t\t<div class=\"elementor-column elementor-col-100 elementor-top-column elementor-element elementor-element-bf26734 sc_inner_width_none sc_content_align_inherit sc_layouts_column_icons_position_left sc_fly_static\" data-id=\"bf26734\" data-element_type=\"column\" data-e-type=\"column\">\n\t\t\t<div class=\"elementor-widget-wrap elementor-element-populated\">\n\t\t\t\t\t\t<div class=\"elementor-element elementor-element-7294a88 sc_fly_static elementor-widget elementor-widget-trx_sc_portfolio\" data-id=\"7294a88\" data-element_type=\"widget\" data-e-type=\"widget\" data-widget_type=\"trx_sc_portfolio.default\">\n\t\t\t\t<div class=\"elementor-widget-container\">\n\t\t\t\t\t<div \t\tclass=\"sc_portfolio sc_portfolio_band\"><div class=\"sc_portfolio_columns_wrap sc_item_columns sc_item_posts_container trx_addons_columns_wrap columns_padding_bottom grid_wrap_8\"><div class=\"trx_addons_column-1_2 trx_addons_column-1_1-tablet trx_addons_column-1_2-mobile\"><div data-post-id=\"38008\" class=\"sc_portfolio_item sc_item_container post_container\"\r\n\t\tdata-size=\"728x486\"\r\n\tdata-src=\"https:\/\/zirkel.biz\/wp-content\/uploads\/2026\/01\/ID-Gamax.jpg\"\r\n\t>\r\n\t<div class=\"post_featured with_thumb hover_link sc_portfolio_item_thumb trx_addons_image_effects_on_waves2\" data-image-effect-strength=\"30\"><img fetchpriority=\"high\" decoding=\"async\" width=\"650\" height=\"486\" src=\"https:\/\/zirkel.biz\/wp-content\/uploads\/2026\/01\/ID-Gamax-650x486.jpg\" class=\"attachment-qwery-thumb-medium-square size-qwery-thumb-medium-square wp-post-image\" alt=\"\" srcset=\"https:\/\/zirkel.biz\/wp-content\/uploads\/2026\/01\/ID-Gamax-650x486.jpg 650w, https:\/\/zirkel.biz\/wp-content\/uploads\/2026\/01\/ID-Gamax-18x12.jpg 18w\" sizes=\"(max-width: 650px) 100vw, 650px\" \/>\t\t\t\t\t\t<div class=\"mask\"><\/div>\n\t\t\t\t\t\t\t\t\t<a href=\"https:\/\/zirkel.biz\/fr\/portfolio\/huella-ambiental-de-producto-estudio-en-el-sector-del-regalo-promocional\/\"  aria-hidden=\"true\" class=\"link\"><\/a>\r\n\t\t\t<\/div>    <div class=\"post_content_wrap\">\r\n                    <h5 class=\"post_title\">\r\n                    <a href=\"https:\/\/zirkel.biz\/fr\/portfolio\/huella-ambiental-de-producto-estudio-en-el-sector-del-regalo-promocional\/\">Huella ambiental de producto: estudio en el sector del regalo promocional<\/a>\r\n                    <\/h5>\r\n         \r\n                    <div class=\"post_description_content\"> An\u00e1lisis de Ciclo de Vida (ACV) de productos promocionales de ID Gamax <\/div>\r\n                <a href=\"https:\/\/zirkel.biz\/fr\/portfolio\/huella-ambiental-de-producto-estudio-en-el-sector-del-regalo-promocional\/\" class=\"theme_button\"><span class=\"post_readmore_label\">Voir plus d'informations <\/span><span class=\"hover-arrow\"><\/span><\/a>\r\n        \r\n\r\n    <\/div>\r\n<\/div><\/div><div class=\"trx_addons_column-1_2 trx_addons_column-1_1-tablet trx_addons_column-1_2-mobile\"><div data-post-id=\"38013\" class=\"sc_portfolio_item sc_item_container post_container\"\r\n\t\tdata-size=\"1239x1416\"\r\n\tdata-src=\"https:\/\/zirkel.biz\/wp-content\/uploads\/2026\/01\/DAP-GRAN-PREF.jpg\"\r\n\t>\r\n\t<div class=\"post_featured with_thumb hover_link sc_portfolio_item_thumb trx_addons_image_effects_on_waves2\" data-image-effect-strength=\"30\"><img decoding=\"async\" width=\"650\" height=\"572\" src=\"https:\/\/zirkel.biz\/wp-content\/uploads\/2026\/01\/DAP-GRAN-PREF-650x572.jpg\" class=\"attachment-qwery-thumb-medium-square size-qwery-thumb-medium-square wp-post-image\" alt=\"\" \/>\t\t\t\t\t\t<div class=\"mask\"><\/div>\n\t\t\t\t\t\t\t\t\t<a href=\"https:\/\/zirkel.biz\/fr\/portfolio\/declaraciones-ambientales-de-producto-dap-multiproducto-y-multiplanta-de-prefabricados-de-hormigon-prefabricats-pujol\/\"  aria-hidden=\"true\" class=\"link\"><\/a>\r\n\t\t\t<\/div>    <div class=\"post_content_wrap\">\r\n                    <h5 class=\"post_title\">\r\n                    <a href=\"https:\/\/zirkel.biz\/fr\/portfolio\/declaraciones-ambientales-de-producto-dap-multiproducto-y-multiplanta-de-prefabricados-de-hormigon-prefabricats-pujol\/\">Declaraciones Ambientales de Producto (DAP) multiproducto y multiplanta de prefabricados de hormig\u00f3n \u2014 Prefabricats Pujol<\/a>\r\n                    <\/h5>\r\n         \r\n                    <div class=\"post_description_content\"> Declaraciones Ambientales de Producto multiproducto y multiplanta para prefabricados de hormig\u00f3n armado y pretensado. <\/div>\r\n                <a href=\"https:\/\/zirkel.biz\/fr\/portfolio\/declaraciones-ambientales-de-producto-dap-multiproducto-y-multiplanta-de-prefabricados-de-hormigon-prefabricats-pujol\/\" class=\"theme_button\"><span class=\"post_readmore_label\">Voir plus d'informations <\/span><span class=\"hover-arrow\"><\/span><\/a>\r\n        \r\n\r\n    <\/div>\r\n<\/div><\/div><div class=\"trx_addons_column-1_2 trx_addons_column-1_1-tablet trx_addons_column-1_2-mobile\"><div data-post-id=\"38004\" class=\"sc_portfolio_item sc_item_container post_container\"\r\n\t\tdata-size=\"978x500\"\r\n\tdata-src=\"https:\/\/zirkel.biz\/wp-content\/uploads\/2026\/01\/DAP-ABP_01.png\"\r\n\t>\r\n\t<div class=\"post_featured with_thumb hover_link sc_portfolio_item_thumb trx_addons_image_effects_on_waves2\" data-image-effect-strength=\"30\"><img decoding=\"async\" width=\"650\" height=\"500\" src=\"https:\/\/zirkel.biz\/wp-content\/uploads\/2026\/01\/DAP-ABP_01-650x500.png\" class=\"attachment-qwery-thumb-medium-square size-qwery-thumb-medium-square wp-post-image\" alt=\"\" \/>\t\t\t\t\t\t<div class=\"mask\"><\/div>\n\t\t\t\t\t\t\t\t\t<a href=\"https:\/\/zirkel.biz\/fr\/portfolio\/declaraciones-ambientales-de-producto-de-varias-familias-de-mortero\/\"  aria-hidden=\"true\" class=\"link\"><\/a>\r\n\t\t\t<\/div>    <div class=\"post_content_wrap\">\r\n                    <h5 class=\"post_title\">\r\n                    <a href=\"https:\/\/zirkel.biz\/fr\/portfolio\/declaraciones-ambientales-de-producto-de-varias-familias-de-mortero\/\">D\u00e9clarations environnementales de produits pour plusieurs familles de mortiers<\/a>\r\n                    <\/h5>\r\n         \r\n                    <div class=\"post_description_content\"> \u00c9laboration de d\u00e9clarations environnementales de produits (EPD\/EPD) pour une s\u00e9lection strat\u00e9gique de produits de mortier. <\/div>\r\n                <a href=\"https:\/\/zirkel.biz\/fr\/portfolio\/declaraciones-ambientales-de-producto-de-varias-familias-de-mortero\/\" class=\"theme_button\"><span class=\"post_readmore_label\">Voir plus d'informations <\/span><span class=\"hover-arrow\"><\/span><\/a>\r\n        \r\n\r\n    <\/div>\r\n<\/div><\/div><div class=\"trx_addons_column-1_2 trx_addons_column-1_1-tablet trx_addons_column-1_2-mobile\"><div data-post-id=\"37889\" class=\"sc_portfolio_item sc_item_container post_container\"\r\n\t\tdata-size=\"1800x1008\"\r\n\tdata-src=\"https:\/\/zirkel.biz\/wp-content\/uploads\/2025\/05\/3-scopes-ghg-protocol-data4-e1671543959326.jpg\"\r\n\t>\r\n\t<div class=\"post_featured with_thumb hover_link sc_portfolio_item_thumb trx_addons_image_effects_on_waves2\" data-image-effect-strength=\"30\"><img loading=\"lazy\" decoding=\"async\" width=\"650\" height=\"572\" src=\"https:\/\/zirkel.biz\/wp-content\/uploads\/2025\/05\/3-scopes-ghg-protocol-data4-e1671543959326-650x572.jpg\" class=\"attachment-qwery-thumb-medium-square size-qwery-thumb-medium-square wp-post-image\" alt=\"\" \/>\t\t\t\t\t\t<div class=\"mask\"><\/div>\n\t\t\t\t\t\t\t\t\t<a href=\"https:\/\/zirkel.biz\/fr\/portfolio\/calculo-de-la-huella-de-carbono-de-organizacion-logalty-group\/\"  aria-hidden=\"true\" class=\"link\"><\/a>\r\n\t\t\t<\/div>    <div class=\"post_content_wrap\">\r\n        <div class=\"post_meta\"><span class=\"post_meta_item post_categories cat_sep\"><a href=\"https:\/\/zirkel.biz\/fr\/portfolio_group\/descarbonizacion\/\" title=\"View all posts in Descarbonizaci\u00f3n\">D\u00e9carbonisation<\/a><\/span><\/div>            <h5 class=\"post_title\">\r\n                    <a href=\"https:\/\/zirkel.biz\/fr\/portfolio\/calculo-de-la-huella-de-carbono-de-organizacion-logalty-group\/\">Calcul de l'empreinte carbone d'une organisation - Logalty Group<\/a>\r\n                    <\/h5>\r\n         \r\n                    <div class=\"post_description_content\"> Nous avons r\u00e9alis\u00e9 un calcul de l'empreinte carbone de l'organisation pour le groupe Logalty, un fournisseur de services num\u00e9riques de confiance. Le projet comprenait une analyse... <\/div>\r\n                <a href=\"https:\/\/zirkel.biz\/fr\/portfolio\/calculo-de-la-huella-de-carbono-de-organizacion-logalty-group\/\" class=\"theme_button\"><span class=\"post_readmore_label\">Voir plus d'informations <\/span><span class=\"hover-arrow\"><\/span><\/a>\r\n        \r\n\r\n    <\/div>\r\n<\/div><\/div><div class=\"trx_addons_column-1_2 trx_addons_column-1_1-tablet trx_addons_column-1_2-mobile\"><div data-post-id=\"37885\" class=\"sc_portfolio_item sc_item_container post_container\"\r\n\t\tdata-size=\"1024x1024\"\r\n\tdata-src=\"https:\/\/zirkel.biz\/wp-content\/uploads\/2025\/05\/DALL\u00b7E-2025-05-20-10.04.00-A-minimalistic-and-modern-illustration-representing-the-concepts-of-ecodesign-and-regulatory-framework-for-a-website.-The-image-uses-clean-lines-.webp\"\r\n\t>\r\n\t<div class=\"post_featured with_thumb hover_link sc_portfolio_item_thumb trx_addons_image_effects_on_waves2\" data-image-effect-strength=\"30\"><img loading=\"lazy\" decoding=\"async\" width=\"650\" height=\"572\" src=\"https:\/\/zirkel.biz\/wp-content\/uploads\/2025\/05\/DALL\u00b7E-2025-05-20-10.04.00-A-minimalistic-and-modern-illustration-representing-the-concepts-of-ecodesign-and-regulatory-framework-for-a-website.-The-image-uses-clean-lines--650x572.webp\" class=\"attachment-qwery-thumb-medium-square size-qwery-thumb-medium-square wp-post-image\" alt=\"\" srcset=\"https:\/\/zirkel.biz\/wp-content\/uploads\/2025\/05\/DALL\u00b7E-2025-05-20-10.04.00-A-minimalistic-and-modern-illustration-representing-the-concepts-of-ecodesign-and-regulatory-framework-for-a-website.-The-image-uses-clean-lines--650x572.webp 650w, https:\/\/zirkel.biz\/wp-content\/uploads\/2025\/05\/DALL\u00b7E-2025-05-20-10.04.00-A-minimalistic-and-modern-illustration-representing-the-concepts-of-ecodesign-and-regulatory-framework-for-a-website.-The-image-uses-clean-lines--12x12.webp 12w\" sizes=\"(max-width: 650px) 100vw, 650px\" \/>\t\t\t\t\t\t<div class=\"mask\"><\/div>\n\t\t\t\t\t\t\t\t\t<a href=\"https:\/\/zirkel.biz\/fr\/portfolio\/estudio-sobre-normativa-de-ecodiseno-de-producto\/\"  aria-hidden=\"true\" class=\"link\"><\/a>\r\n\t\t\t<\/div>    <div class=\"post_content_wrap\">\r\n        <div class=\"post_meta\"><span class=\"post_meta_item post_categories cat_sep\"><a href=\"https:\/\/zirkel.biz\/fr\/portfolio_group\/legislacion-y-normativa\/\" title=\"View all posts in Legislaci\u00f3n y normativa\">L\u00e9gislation et r\u00e9glementation<\/a><\/span><\/div>            <h5 class=\"post_title\">\r\n                    <a href=\"https:\/\/zirkel.biz\/fr\/portfolio\/estudio-sobre-normativa-de-ecodiseno-de-producto\/\">\u00c9tude sur la r\u00e9glementation relative \u00e0 l'\u00e9co-conception des produits<\/a>\r\n                    <\/h5>\r\n         \r\n                    <div class=\"post_description_content\"> Analyse des implications, pour un fabricant d'\u00e9quipements de ventilation, de l'application du r\u00e8glement sur l'\u00e9coconception des produits durables (ESPR), du nouveau r\u00e8glement sur les produits de construction (CPR),... <\/div>\r\n                <a href=\"https:\/\/zirkel.biz\/fr\/portfolio\/estudio-sobre-normativa-de-ecodiseno-de-producto\/\" class=\"theme_button\"><span class=\"post_readmore_label\">Voir plus d'informations <\/span><span class=\"hover-arrow\"><\/span><\/a>\r\n        \r\n\r\n    <\/div>\r\n<\/div><\/div><div class=\"trx_addons_column-1_2 trx_addons_column-1_1-tablet trx_addons_column-1_2-mobile\"><div data-post-id=\"37888\" class=\"sc_portfolio_item sc_item_container post_container\"\r\n\t\tdata-size=\"1200x716\"\r\n\tdata-src=\"https:\/\/zirkel.biz\/wp-content\/uploads\/2025\/05\/Wholesale-distrbution.jpg\"\r\n\t>\r\n\t<div class=\"post_featured with_thumb hover_link sc_portfolio_item_thumb trx_addons_image_effects_on_waves2\" data-image-effect-strength=\"30\"><img loading=\"lazy\" decoding=\"async\" width=\"650\" height=\"572\" src=\"https:\/\/zirkel.biz\/wp-content\/uploads\/2025\/05\/Wholesale-distrbution-650x572.jpg\" class=\"attachment-qwery-thumb-medium-square size-qwery-thumb-medium-square wp-post-image\" alt=\"\" \/>\t\t\t\t\t\t<div class=\"mask\"><\/div>\n\t\t\t\t\t\t\t\t\t<a href=\"https:\/\/zirkel.biz\/fr\/portfolio\/plan-de-descarbonizacion-en-el-sector-de-la-distribucion-profesional\/\"  aria-hidden=\"true\" class=\"link\"><\/a>\r\n\t\t\t<\/div>    <div class=\"post_content_wrap\">\r\n        <div class=\"post_meta\"><span class=\"post_meta_item post_categories cat_sep\"><a href=\"https:\/\/zirkel.biz\/fr\/portfolio_group\/descarbonizacion\/\" title=\"View all posts in Descarbonizaci\u00f3n\">D\u00e9carbonisation<\/a><span class=\"post_meta_item_cat_separator\">, <\/span><a href=\"https:\/\/zirkel.biz\/fr\/portfolio_group\/gestion-de-datos\/\" title=\"View all posts in Gesti\u00f3n de datos\">Gestion des donn\u00e9es<\/a><\/span><\/div>            <h5 class=\"post_title\">\r\n                    <a href=\"https:\/\/zirkel.biz\/fr\/portfolio\/plan-de-descarbonizacion-en-el-sector-de-la-distribucion-profesional\/\">Plan de d\u00e9carbonisation dans le secteur de la distribution professionnelle<\/a>\r\n                    <\/h5>\r\n         \r\n                    <div class=\"post_description_content\"> La gestion des donn\u00e9es pour le calcul de l'empreinte carbone pour l'ann\u00e9e de r\u00e9f\u00e9rence et au-del\u00e0, et le d\u00e9veloppement d'un plan complet de r\u00e9duction des \u00e9missions en accord avec... <\/div>\r\n                <a href=\"https:\/\/zirkel.biz\/fr\/portfolio\/plan-de-descarbonizacion-en-el-sector-de-la-distribucion-profesional\/\" class=\"theme_button\"><span class=\"post_readmore_label\">Voir plus d'informations <\/span><span class=\"hover-arrow\"><\/span><\/a>\r\n        \r\n\r\n    <\/div>\r\n<\/div><\/div><div class=\"trx_addons_column-1_2 trx_addons_column-1_1-tablet trx_addons_column-1_2-mobile\"><div data-post-id=\"37883\" class=\"sc_portfolio_item sc_item_container post_container\"\r\n\t\tdata-size=\"450x300\"\r\n\tdata-src=\"https:\/\/zirkel.biz\/wp-content\/uploads\/2025\/05\/SIM_valid.webp\"\r\n\t>\r\n\t<div class=\"post_featured with_thumb hover_link sc_portfolio_item_thumb trx_addons_image_effects_on_waves2\" data-image-effect-strength=\"30\"><img loading=\"lazy\" decoding=\"async\" width=\"450\" height=\"300\" src=\"https:\/\/zirkel.biz\/wp-content\/uploads\/2025\/05\/SIM_valid.webp\" class=\"attachment-qwery-thumb-medium-square size-qwery-thumb-medium-square wp-post-image\" alt=\"\" srcset=\"https:\/\/zirkel.biz\/wp-content\/uploads\/2025\/05\/SIM_valid.webp 450w, https:\/\/zirkel.biz\/wp-content\/uploads\/2025\/05\/SIM_valid-300x200.webp 300w, https:\/\/zirkel.biz\/wp-content\/uploads\/2025\/05\/SIM_valid-18x12.webp 18w, https:\/\/zirkel.biz\/wp-content\/uploads\/2025\/05\/SIM_valid-370x247.webp 370w, https:\/\/zirkel.biz\/wp-content\/uploads\/2025\/05\/SIM_valid-410x273.webp 410w\" sizes=\"(max-width: 600px) 100vw, 450px\" \/>\t\t\t\t\t\t<div class=\"mask\"><\/div>\n\t\t\t\t\t\t\t\t\t<a href=\"https:\/\/zirkel.biz\/fr\/portfolio\/__trashed\/\"  aria-hidden=\"true\" class=\"link\"><\/a>\r\n\t\t\t<\/div>    <div class=\"post_content_wrap\">\r\n        <div class=\"post_meta\"><span class=\"post_meta_item post_categories cat_sep\"><a href=\"https:\/\/zirkel.biz\/fr\/portfolio_group\/estrategia-esg\/\" title=\"View all posts in Estrategia ESG\">Strat\u00e9gie ESG<\/a><\/span><\/div>            <h5 class=\"post_title\">\r\n                    <a href=\"https:\/\/zirkel.biz\/fr\/portfolio\/__trashed\/\">Double analyse de mat\u00e9rialit\u00e9 (DMA)<\/a>\r\n                    <\/h5>\r\n         \r\n                    <div class=\"post_description_content\"> Faisant un pas en avant dans son engagement en faveur du d\u00e9veloppement durable, la division Trusted Connectivity de la multinationale VALID a r\u00e9alis\u00e9 une double analyse de mat\u00e9rialit\u00e9 (DMA) conform\u00e9ment \u00e0 la... <\/div>\r\n                <a href=\"https:\/\/zirkel.biz\/fr\/portfolio\/__trashed\/\" class=\"theme_button\"><span class=\"post_readmore_label\">Voir plus d'informations <\/span><span class=\"hover-arrow\"><\/span><\/a>\r\n        \r\n\r\n    <\/div>\r\n<\/div><\/div><div class=\"trx_addons_column-1_2 trx_addons_column-1_1-tablet trx_addons_column-1_2-mobile\"><div data-post-id=\"37212\" class=\"sc_portfolio_item sc_item_container post_container\"\r\n\t\tdata-size=\"800x782\"\r\n\tdata-src=\"https:\/\/zirkel.biz\/wp-content\/uploads\/2024\/05\/1712751915423.jpg\"\r\n\t>\r\n\t<div class=\"post_featured with_thumb hover_link sc_portfolio_item_thumb trx_addons_image_effects_on_waves2\" data-image-effect-strength=\"30\"><img loading=\"lazy\" decoding=\"async\" width=\"650\" height=\"572\" src=\"https:\/\/zirkel.biz\/wp-content\/uploads\/2024\/05\/1712751915423-650x572.jpg\" class=\"attachment-qwery-thumb-medium-square size-qwery-thumb-medium-square wp-post-image\" alt=\"\" \/>\t\t\t\t\t\t<div class=\"mask\"><\/div>\n\t\t\t\t\t\t\t\t\t<a href=\"https:\/\/zirkel.biz\/fr\/portfolio\/certificado-sustainable-wineries-for-climate-protection-swfcp\/\"  aria-hidden=\"true\" class=\"link\"><\/a>\r\n\t\t\t<\/div>    <div class=\"post_content_wrap\">\r\n        <div class=\"post_meta\"><span class=\"post_meta_item post_categories cat_sep\"><a href=\"https:\/\/zirkel.biz\/fr\/portfolio_group\/certificacion\/\" title=\"View all posts in Certificaci\u00f3n\">Certification<\/a><\/span><\/div>            <h5 class=\"post_title\">\r\n                    <a href=\"https:\/\/zirkel.biz\/fr\/portfolio\/certificado-sustainable-wineries-for-climate-protection-swfcp\/\">Certificat \"Vignobles durables pour la protection du climat\" (SWFCP)<\/a>\r\n                    <\/h5>\r\n         \r\n                    <div class=\"post_description_content\"> Celler Avgvstvs Forvm souligne son engagement en faveur de la durabilit\u00e9 \u00e0 toutes les \u00e9tapes de la production du vin. Pour valider sa gestion durable, la cave certifie ses pratiques par le biais du programme WFCP (Sustainable Wineries For Climate Protection) de la F\u00e9d\u00e9ration espagnole du vin (FEV). <\/div>\r\n                <a href=\"https:\/\/zirkel.biz\/fr\/portfolio\/certificado-sustainable-wineries-for-climate-protection-swfcp\/\" class=\"theme_button\"><span class=\"post_readmore_label\">Voir plus d'informations <\/span><span class=\"hover-arrow\"><\/span><\/a>\r\n        \r\n\r\n    <\/div>\r\n<\/div><\/div><\/div><nav class=\"sc_portfolio_pagination sc_item_pagination sc_item_pagination_load_more nav-links-more  sc_align_none\" data-params=\"a:91:{s:3:&quot;cat&quot;;s:1:&quot;0&quot;;s:7:&quot;columns&quot;;i:2;s:18:&quot;columns_widescreen&quot;;s:0:&quot;&quot;;s:14:&quot;columns_laptop&quot;;s:0:&quot;&quot;;s:20:&quot;columns_tablet_extra&quot;;a:3:{s:4:&quot;unit&quot;;s:2:&quot;px&quot;;s:4:&quot;size&quot;;i:1;s:5:&quot;sizes&quot;;a:0:{}}s:14:&quot;columns_tablet&quot;;i:1;s:20:&quot;columns_mobile_extra&quot;;a:3:{s:4:&quot;unit&quot;;s:2:&quot;px&quot;;s:4:&quot;size&quot;;i:2;s:5:&quot;sizes&quot;;a:0:{}}s:14:&quot;columns_mobile&quot;;i:2;s:5:&quot;count&quot;;i:8;s:6:&quot;offset&quot;;i:0;s:7:&quot;orderby&quot;;s:9:&quot;post_date&quot;;s:5:&quot;order&quot;;s:4:&quot;desc&quot;;s:3:&quot;ids&quot;;s:0:&quot;&quot;;s:6:&quot;slider&quot;;b:0;s:13:&quot;slider_effect&quot;;s:5:&quot;slide&quot;;s:17:&quot;slider_pagination&quot;;s:4:&quot;none&quot;;s:22:&quot;slider_pagination_type&quot;;s:7:&quot;bullets&quot;;s:24:&quot;slider_pagination_thumbs&quot;;i:0;s:15:&quot;slider_controls&quot;;s:4:&quot;none&quot;;s:12:&quot;slides_space&quot;;i:0;s:15:&quot;slides_centered&quot;;s:0:&quot;&quot;;s:15:&quot;slides_overflow&quot;;s:0:&quot;&quot;;s:18:&quot;slider_mouse_wheel&quot;;s:0:&quot;&quot;;s:15:&quot;slider_autoplay&quot;;s:1:&quot;1&quot;;s:11:&quot;slider_loop&quot;;s:1:&quot;1&quot;;s:16:&quot;slider_free_mode&quot;;s:0:&quot;&quot;;s:5:&quot;title&quot;;s:0:&quot;&quot;;s:11:&quot;title_align&quot;;s:4:&quot;none&quot;;s:11:&quot;title_style&quot;;s:7:&quot;default&quot;;s:9:&quot;title_tag&quot;;s:4:&quot;none&quot;;s:11:&quot;title_color&quot;;s:0:&quot;&quot;;s:12:&quot;title_color2&quot;;s:0:&quot;&quot;;s:13:&quot;gradient_fill&quot;;s:5:&quot;block&quot;;s:18:&quot;gradient_direction&quot;;s:1:&quot;0&quot;;s:18:&quot;title_border_color&quot;;s:0:&quot;&quot;;s:18:&quot;title_border_width&quot;;a:3:{s:4:&quot;unit&quot;;s:2:&quot;px&quot;;s:4:&quot;size&quot;;i:0;s:5:&quot;sizes&quot;;a:0:{}}s:14:&quot;title_bg_image&quot;;a:3:{s:3:&quot;url&quot;;s:0:&quot;&quot;;s:2:&quot;id&quot;;s:0:&quot;&quot;;s:4:&quot;size&quot;;s:0:&quot;&quot;;}s:6:&quot;title2&quot;;s:0:&quot;&quot;;s:12:&quot;title2_color&quot;;s:0:&quot;&quot;;s:13:&quot;title2_color2&quot;;s:0:&quot;&quot;;s:14:&quot;gradient_fill2&quot;;s:5:&quot;block&quot;;s:19:&quot;gradient_direction2&quot;;s:1:&quot;0&quot;;s:19:&quot;title2_border_color&quot;;s:0:&quot;&quot;;s:19:&quot;title2_border_width&quot;;a:3:{s:4:&quot;unit&quot;;s:2:&quot;px&quot;;s:4:&quot;size&quot;;i:0;s:5:&quot;sizes&quot;;a:0:{}}s:15:&quot;title2_bg_image&quot;;a:3:{s:3:&quot;url&quot;;s:0:&quot;&quot;;s:2:&quot;id&quot;;s:0:&quot;&quot;;s:4:&quot;size&quot;;s:0:&quot;&quot;;}s:8:&quot;subtitle&quot;;s:0:&quot;&quot;;s:14:&quot;subtitle_align&quot;;s:4:&quot;none&quot;;s:17:&quot;subtitle_position&quot;;s:5:&quot;above&quot;;s:14:&quot;subtitle_color&quot;;s:0:&quot;&quot;;s:11:&quot;description&quot;;s:0:&quot;&quot;;s:17:&quot;description_color&quot;;s:0:&quot;&quot;;s:4:&quot;link&quot;;s:0:&quot;&quot;;s:10:&quot;link_style&quot;;s:7:&quot;default&quot;;s:9:&quot;link_size&quot;;s:6:&quot;normal&quot;;s:10:&quot;link_image&quot;;s:0:&quot;&quot;;s:9:&quot;link_text&quot;;s:0:&quot;&quot;;s:10:&quot;new_window&quot;;i:0;s:5:&quot;typed&quot;;s:0:&quot;&quot;;s:13:&quot;typed_strings&quot;;s:0:&quot;&quot;;s:10:&quot;typed_loop&quot;;s:1:&quot;1&quot;;s:12:&quot;typed_cursor&quot;;s:1:&quot;1&quot;;s:17:&quot;typed_cursor_char&quot;;s:1:&quot;_&quot;;s:11:&quot;typed_color&quot;;s:0:&quot;&quot;;s:11:&quot;typed_speed&quot;;s:1:&quot;6&quot;;s:11:&quot;typed_delay&quot;;s:1:&quot;1&quot;;s:2:&quot;id&quot;;s:0:&quot;&quot;;s:5:&quot;class&quot;;s:0:&quot;&quot;;s:9:&quot;className&quot;;s:0:&quot;&quot;;s:3:&quot;css&quot;;s:0:&quot;&quot;;s:4:&quot;type&quot;;s:4:&quot;band&quot;;s:9:&quot;more_text&quot;;s:8:&quot;Ver m\u00e1s&quot;;s:10:&quot;pagination&quot;;s:9:&quot;load_more&quot;;s:9:&quot;no_margin&quot;;s:0:&quot;&quot;;s:4:&quot;page&quot;;i:1;s:13:&quot;posts_exclude&quot;;s:0:&quot;&quot;;s:11:&quot;use_masonry&quot;;s:0:&quot;&quot;;s:11:&quot;use_gallery&quot;;s:0:&quot;&quot;;s:11:&quot;count_extra&quot;;a:3:{s:4:&quot;unit&quot;;s:2:&quot;px&quot;;s:4:&quot;size&quot;;i:8;s:5:&quot;sizes&quot;;a:0:{}}s:13:&quot;columns_extra&quot;;a:3:{s:4:&quot;unit&quot;;s:2:&quot;px&quot;;s:4:&quot;size&quot;;i:2;s:5:&quot;sizes&quot;;a:0:{}}s:12:&quot;offset_extra&quot;;a:3:{s:4:&quot;unit&quot;;s:2:&quot;px&quot;;s:4:&quot;size&quot;;i:0;s:5:&quot;sizes&quot;;a:0:{}}s:18:&quot;slides_space_extra&quot;;a:3:{s:4:&quot;unit&quot;;s:2:&quot;px&quot;;s:4:&quot;size&quot;;i:0;s:5:&quot;sizes&quot;;a:0:{}}s:24:&quot;gradient_direction_extra&quot;;a:3:{s:4:&quot;unit&quot;;s:2:&quot;px&quot;;s:4:&quot;size&quot;;i:0;s:5:&quot;sizes&quot;;a:0:{}}s:17:&quot;typed_speed_extra&quot;;a:3:{s:4:&quot;unit&quot;;s:2:&quot;px&quot;;s:4:&quot;size&quot;;i:6;s:5:&quot;sizes&quot;;a:0:{}}s:17:&quot;typed_delay_extra&quot;;a:3:{s:4:&quot;unit&quot;;s:2:&quot;px&quot;;s:4:&quot;size&quot;;i:1;s:5:&quot;sizes&quot;;a:0:{}}s:25:&quot;gradient_direction2_extra&quot;;a:3:{s:4:&quot;unit&quot;;s:2:&quot;px&quot;;s:4:&quot;size&quot;;i:0;s:5:&quot;sizes&quot;;a:0:{}}s:10:&quot;link_extra&quot;;a:4:{s:3:&quot;url&quot;;s:0:&quot;&quot;;s:11:&quot;is_external&quot;;s:0:&quot;&quot;;s:8:&quot;nofollow&quot;;s:0:&quot;&quot;;s:17:&quot;custom_attributes&quot;;s:0:&quot;&quot;;}s:16:&quot;link_image_extra&quot;;a:3:{s:3:&quot;url&quot;;s:0:&quot;&quot;;s:2:&quot;id&quot;;s:0:&quot;&quot;;s:4:&quot;size&quot;;s:0:&quot;&quot;;}s:6:&quot;scheme&quot;;s:0:&quot;&quot;;s:11:&quot;color_style&quot;;s:7:&quot;default&quot;;s:22:&quot;mouse_helper_highlight&quot;;s:0:&quot;&quot;;s:2:&quot;sc&quot;;s:12:&quot;sc_portfolio&quot;;}\">\n\t\t\t\t<a class=\"nav-links\" data-page=\"2\" data-max-page=\"3\"><span>Load more<\/span><\/a>\n\t\t\t<\/nav><\/div><!-- \/.sc_portfolio -->\t\t\t\t<\/div>\n\t\t\t\t<\/div>\n\t\t\t\t\t<\/div>\n\t\t<\/div>\n\t\t\t\t\t<\/div>\n\t\t<\/section>\n\t\t\t\t<section class=\"elementor-section elementor-top-section elementor-element elementor-element-6236782 elementor-section-boxed elementor-section-height-default elementor-section-height-default sc_fly_static\" data-id=\"6236782\" data-element_type=\"section\" data-e-type=\"section\">\n\t\t\t\t\t\t<div class=\"elementor-container elementor-column-gap-extended\">\n\t\t\t\t\t<div class=\"elementor-column elementor-col-100 elementor-top-column elementor-element elementor-element-59a8792 sc_inner_width_none sc_content_align_inherit sc_layouts_column_icons_position_left sc_fly_static\" data-id=\"59a8792\" data-element_type=\"column\" data-e-type=\"column\">\n\t\t\t<div class=\"elementor-widget-wrap elementor-element-populated\">\n\t\t\t\t\t\t<div class=\"elementor-element elementor-element-239eed2 sc_height_huge sc_fly_static elementor-widget elementor-widget-spacer\" data-id=\"239eed2\" data-element_type=\"widget\" data-e-type=\"widget\" data-widget_type=\"spacer.default\">\n\t\t\t\t<div class=\"elementor-widget-container\">\n\t\t\t\t\t\t\t<div class=\"elementor-spacer\">\n\t\t\t<div class=\"elementor-spacer-inner\"><\/div>\n\t\t<\/div>\n\t\t\t\t\t\t<\/div>\n\t\t\t\t<\/div>\n\t\t\t\t\t<\/div>\n\t\t<\/div>\n\t\t\t\t\t<\/div>\n\t\t<\/section>\n\t\t\t\t<\/div>","protected":false},"excerpt":{"rendered":"<p>DAP\/EPD Declaraci\u00f3n Ambiental de Producto (DAP\/EPD) Elaborar una Declaraci\u00f3n Ambiental de Producto (DAP) de un panel mixto industrializado, fabricado a partir de hormig\u00f3n arquitect\u00f3nico blanco, aislamiento continuo de lana de&hellip;<\/p>","protected":false},"author":1,"featured_media":0,"parent":0,"menu_order":0,"comment_status":"closed","ping_status":"closed","template":"","meta":{"footnotes":""},"class_list":["post-3046","page","type-page","status-publish","hentry"],"_links":{"self":[{"href":"https:\/\/zirkel.biz\/fr\/wp-json\/wp\/v2\/pages\/3046","targetHints":{"allow":["GET"]}}],"collection":[{"href":"https:\/\/zirkel.biz\/fr\/wp-json\/wp\/v2\/pages"}],"about":[{"href":"https:\/\/zirkel.biz\/fr\/wp-json\/wp\/v2\/types\/page"}],"author":[{"embeddable":true,"href":"https:\/\/zirkel.biz\/fr\/wp-json\/wp\/v2\/users\/1"}],"replies":[{"embeddable":true,"href":"https:\/\/zirkel.biz\/fr\/wp-json\/wp\/v2\/comments?post=3046"}],"version-history":[{"count":19,"href":"https:\/\/zirkel.biz\/fr\/wp-json\/wp\/v2\/pages\/3046\/revisions"}],"predecessor-version":[{"id":37365,"href":"https:\/\/zirkel.biz\/fr\/wp-json\/wp\/v2\/pages\/3046\/revisions\/37365"}],"wp:attachment":[{"href":"https:\/\/zirkel.biz\/fr\/wp-json\/wp\/v2\/media?parent=3046"}],"curies":[{"name":"wp","href":"https:\/\/api.w.org\/{rel}","templated":true}]}}